{"id":228,"date":"2023-08-23T14:37:03","date_gmt":"2023-08-23T12:37:03","guid":{"rendered":"https:\/\/www.artelatum.com\/wer-sind-wir\/"},"modified":"2023-09-16T11:47:15","modified_gmt":"2023-09-16T09:47:15","slug":"wer-sind-wir","status":"publish","type":"page","link":"https:\/\/www.artelatum.com\/de\/wer-sind-wir\/","title":{"rendered":"Wer sind wir?"},"content":{"rendered":"\n<figure class=\"wp-block-image size-full\"><img loading=\"lazy\" decoding=\"async\" width=\"400\" height=\"320\" src=\"https:\/\/www.artelatum.com\/wp-content\/uploads\/2023\/09\/Foto-couleur-page-internet-2.jpg\" alt=\"\" class=\"wp-image-1045\" srcset=\"https:\/\/www.artelatum.com\/wp-content\/uploads\/2023\/09\/Foto-couleur-page-internet-2.jpg 400w, https:\/\/www.artelatum.com\/wp-content\/uploads\/2023\/09\/Foto-couleur-page-internet-2-300x240.jpg 300w\" sizes=\"auto, (max-width: 400px) 100vw, 400px\" \/><\/figure>\n\n\n\n<div style=\"height:30px\" aria-hidden=\"true\" class=\"wp-block-spacer\"><\/div>\n\n\n\n<div class=\"wp-block-media-text is-stacked-on-mobile\" style=\"grid-template-columns:15% auto\"><figure class=\"wp-block-media-text__media\"><img loading=\"lazy\" decoding=\"async\" width=\"800\" height=\"800\" src=\"https:\/\/www.artelatum.com\/wp-content\/uploads\/2023\/09\/LinkedIn_logo_initials.png.webp\" alt=\"\" class=\"wp-image-360 size-full\" srcset=\"https:\/\/www.artelatum.com\/wp-content\/uploads\/2023\/09\/LinkedIn_logo_initials.png.webp 800w, https:\/\/www.artelatum.com\/wp-content\/uploads\/2023\/09\/LinkedIn_logo_initials.png-300x300.webp 300w, https:\/\/www.artelatum.com\/wp-content\/uploads\/2023\/09\/LinkedIn_logo_initials.png-150x150.webp 150w, https:\/\/www.artelatum.com\/wp-content\/uploads\/2023\/09\/LinkedIn_logo_initials.png-768x768.webp 768w\" sizes=\"auto, (max-width: 800px) 100vw, 800px\" \/><\/figure><div class=\"wp-block-media-text__content\">\n<h2 class=\"wp-block-heading\"><a href=\"https:\/\/www.linkedin.com\/in\/frederiquegenton\/\">Fr\u00e9d\u00e9rique Genton<\/a><\/h2>\n<\/div><\/div>\n\n\n\n<p><\/p>\n\n\n\n<p>Mit \u00fcber 25 Jahren internationaler Erfahrung in Frankreich und Europa begann Fr\u00e9d\u00e9rique Gentons Werdegang in Paris in einem Ministerium und setzte sich in einer Wirtschaftskanzlei in Wien, \u00d6sterreich, und sp\u00e4ter in M\u00fcnchen und im Saarland fort, wo sie eine binationale Universit\u00e4t leitete.<\/p>\n\n\n\n<p>Mit ihrem unternehmerischen Temperament gr\u00fcndete sie 2007 von Deutschland aus arteLatum und baute das Angebot der Kanzlei f\u00fcr Unternehmen in Europa aus. Von Anfang an sind ihre Kunden Referenzunternehmen mit Sitz in Deutschland, Frankreich und Luxemburg, dann bald auch in \u00d6sterreich, der Schweiz, den USA, Nordafrika und auch in Asien.<\/p>\n\n\n\n<p>Als sie 2016 von einer Pariser Kanzlei angesprochen wurde, um zu ihrer Internationalisierung beizutragen und ihr Beratungsangebot zu verst\u00e4rken, schloss sie sich 2017 der Kanzlei an, wurde Equity Partner und er\u00f6ffnete Anfang 2020 ein B\u00fcro in Frankfurt.<\/p>\n\n\n\n<p>Sie f\u00fchrt in der Pariser Kanzlei die internationalen Managementzeitschriften ein.<\/p>\n\n\n\n<p>Auf der st\u00e4ndigen Suche nach Innovation beschlie\u00dft Fr\u00e9d\u00e9rique 2023, die deutsch-franz\u00f6sische Achse ihrer T\u00e4tigkeit zu beschleunigen, und entwickelt arteLatum zu arteLatum Executive Consulting weiter<\/p>\n\n\n\n<p>Als Deutsch-Franz\u00f6sin und \u00fcberzeugte Europ\u00e4erin liegt es ihr am Herzen, die Wirtschaftsbeziehungen zwischen den beiden L\u00e4ndern, die Europas Motor sind, zu f\u00f6rdern.<\/p>\n\n\n\n<p>Als franz\u00f6sische Au\u00dfenhandelsberaterin f\u00fcr Deutschland tr\u00e4gt sie zu Reflexions- und Vorschlagsgruppen zur deutsch-franz\u00f6sischen Achse bei.<\/p>\n\n\n\n<p>Sie liebt den Impressionismus und Expressionismus, zeitgen\u00f6ssische Kunst, Literatur, Bergtouren und reist auch aus diesen Gr\u00fcnden durch Europa.<\/p>\n","protected":false},"excerpt":{"rendered":"<p>Fr\u00e9d\u00e9rique Genton Mit \u00fcber 25 Jahren internationaler Erfahrung in Frankreich und Europa begann Fr\u00e9d\u00e9rique Gentons Werdegang in Paris in einem Ministerium und setzte sich in einer Wirtschaftskanzlei in Wien, \u00d6sterreich, und sp\u00e4ter in M\u00fcnchen und im Saarland fort, wo sie eine binationale Universit\u00e4t leitete. Mit ihrem unternehmerischen Temperament gr\u00fcndete sie 2007 von Deutschland aus arteLatum &hellip;<\/p>\n<p class=\"read-more\"> <a class=\"\" href=\"https:\/\/www.artelatum.com\/de\/wer-sind-wir\/\"> <span class=\"screen-reader-text\">Wer sind wir?<\/span> Read More \u00bb<\/a><\/p>\n","protected":false},"author":1,"featured_media":0,"parent":0,"menu_order":0,"comment_status":"closed","ping_status":"closed","template":"","meta":{"_uag_custom_page_level_css":"","site-sidebar-layout":"default","site-content-layout":"","ast-site-content-layout":"narrow-width-container","site-content-style":"default","site-sidebar-style":"default","ast-global-header-display":"","ast-banner-title-visibility":"","ast-main-header-display":"","ast-hfb-above-header-display":"","ast-hfb-below-header-display":"","ast-hfb-mobile-header-display":"","site-post-title":"","ast-breadcrumbs-content":"","ast-featured-img":"","footer-sml-layout":"","theme-transparent-header-meta":"","adv-header-id-meta":"","stick-header-meta":"","header-above-stick-meta":"","header-main-stick-meta":"","header-below-stick-meta":"","astra-migrate-meta-layouts":"","footnotes":""},"class_list":["post-228","page","type-page","status-publish","hentry"],"uagb_featured_image_src":{"full":false,"thumbnail":false,"medium":false,"medium_large":false,"large":false,"1536x1536":false,"2048x2048":false},"uagb_author_info":{"display_name":"admin","author_link":"https:\/\/www.artelatum.com\/de\/author\/admin\/"},"uagb_comment_info":0,"uagb_excerpt":"Fr\u00e9d\u00e9rique Genton Mit \u00fcber 25 Jahren internationaler Erfahrung in Frankreich und Europa begann Fr\u00e9d\u00e9rique Gentons Werdegang in Paris in einem Ministerium und setzte sich in einer Wirtschaftskanzlei in Wien, \u00d6sterreich, und sp\u00e4ter in M\u00fcnchen und im Saarland fort, wo sie eine binationale Universit\u00e4t leitete. Mit ihrem unternehmerischen Temperament gr\u00fcndete sie 2007 von Deutschland aus arteLatum&hellip;","_links":{"self":[{"href":"https:\/\/www.artelatum.com\/de\/wp-json\/wp\/v2\/pages\/228","targetHints":{"allow":["GET"]}}],"collection":[{"href":"https:\/\/www.artelatum.com\/de\/wp-json\/wp\/v2\/pages"}],"about":[{"href":"https:\/\/www.artelatum.com\/de\/wp-json\/wp\/v2\/types\/page"}],"author":[{"embeddable":true,"href":"https:\/\/www.artelatum.com\/de\/wp-json\/wp\/v2\/users\/1"}],"replies":[{"embeddable":true,"href":"https:\/\/www.artelatum.com\/de\/wp-json\/wp\/v2\/comments?post=228"}],"version-history":[{"count":6,"href":"https:\/\/www.artelatum.com\/de\/wp-json\/wp\/v2\/pages\/228\/revisions"}],"predecessor-version":[{"id":1049,"href":"https:\/\/www.artelatum.com\/de\/wp-json\/wp\/v2\/pages\/228\/revisions\/1049"}],"wp:attachment":[{"href":"https:\/\/www.artelatum.com\/de\/wp-json\/wp\/v2\/media?parent=228"}],"curies":[{"name":"wp","href":"https:\/\/api.w.org\/{rel}","templated":true}]}}